{"id":409,"date":"2016-10-08T17:20:14","date_gmt":"2016-10-08T15:20:14","guid":{"rendered":"http:\/\/www.altesrathaus-kaarst.de\/wordpress\/?post_type=tribe_events&#038;p=409"},"modified":"2026-01-05T20:39:34","modified_gmt":"2026-01-05T19:39:34","slug":"magic-karneval-2017","status":"publish","type":"tribe_events","link":"https:\/\/www.altesrathaus-kaarst.de\/wordpress\/event\/magic-karneval-2017\/","title":{"rendered":"Karneval 2026 in Kaarst"},"content":{"rendered":"<p>Karneval wird in Kaarst gro\u00df gefeiert! Wir feiern p\u00fcnktlich zu Karneval alle zusammen die beste Karnevalsparty in Kaarst! Wo? Nat\u00fcrlich im Alten Rathaus Kaarst!<\/p>\n<p><strong>Dieses Jahr wieder unter dem Motto &#8222;KAARSTER KARNEVAL&#8220;.<br \/>\n<\/strong><strong>Feiert im Alten Rathaus\u00a0und genie\u00dft die Superstimmung!<\/strong><\/p>\n<p>Mitten im Herzen von Kaarst &#8211; mit Kaarst. \u00a0An allen Tagen mit DJ und Karnevalsmusik.<\/p>\n<h3><strong>Altweiber: ab 11 Uhr<br \/>\nEintritt 9,- \u20ac<\/strong><\/h3>\n<h3><strong><br \/>\n<\/strong><strong>Karnevalssamstag: PARTY ab 19 Uhr<br \/>\n<\/strong><strong>Eintritt 9,- \u20ac<\/strong><\/h3>\n<p>&nbsp;<\/p>\n<p>Wir freuen uns auf Euch!<\/p>\n","protected":false},"excerpt":{"rendered":"<p>Karneval wird in Kaarst gro\u00df gefeiert! Wir feiern p\u00fcnktlich zu Karneval alle zusammen die beste Karnevalsparty in Kaarst! Wo? Nat\u00fcrlich im Alten Rathaus Kaarst! Dieses Jahr wieder unter dem Motto &#8222;KAARSTER KARNEVAL&#8220;. Feiert im Alten Rathaus\u00a0und genie\u00dft die Superstimmung! Mitten im Herzen von Kaarst &#8211; mit Kaarst. \u00a0An allen Tagen [&hellip;]<\/p>\n","protected":false},"author":1,"featured_media":2727,"template":"","meta":{"_tribe_events_status":"","_tribe_events_status_reason":"","footnotes":""},"tags":[],"tribe_events_cat":[4],"class_list":["post-409","tribe_events","type-tribe_events","status-publish","has-post-thumbnail","hentry","tribe_events_cat-eventskalender","cat_eventskalender"],"_links":{"self":[{"href":"https:\/\/www.altesrathaus-kaarst.de\/wordpress\/wp-json\/wp\/v2\/tribe_events\/409","targetHints":{"allow":["GET"]}}],"collection":[{"href":"https:\/\/www.altesrathaus-kaarst.de\/wordpress\/wp-json\/wp\/v2\/tribe_events"}],"about":[{"href":"https:\/\/www.altesrathaus-kaarst.de\/wordpress\/wp-json\/wp\/v2\/types\/tribe_events"}],"author":[{"embeddable":true,"href":"https:\/\/www.altesrathaus-kaarst.de\/wordpress\/wp-json\/wp\/v2\/users\/1"}],"version-history":[{"count":16,"href":"https:\/\/www.altesrathaus-kaarst.de\/wordpress\/wp-json\/wp\/v2\/tribe_events\/409\/revisions"}],"predecessor-version":[{"id":2728,"href":"https:\/\/www.altesrathaus-kaarst.de\/wordpress\/wp-json\/wp\/v2\/tribe_events\/409\/revisions\/2728"}],"wp:featuredmedia":[{"embeddable":true,"href":"https:\/\/www.altesrathaus-kaarst.de\/wordpress\/wp-json\/wp\/v2\/media\/2727"}],"wp:attachment":[{"href":"https:\/\/www.altesrathaus-kaarst.de\/wordpress\/wp-json\/wp\/v2\/media?parent=409"}],"wp:term":[{"taxonomy":"post_tag","embeddable":true,"href":"https:\/\/www.altesrathaus-kaarst.de\/wordpress\/wp-json\/wp\/v2\/tags?post=409"},{"taxonomy":"tribe_events_cat","embeddable":true,"href":"https:\/\/www.altesrathaus-kaarst.de\/wordpress\/wp-json\/wp\/v2\/tribe_events_cat?post=409"}],"curies":[{"name":"wp","href":"https:\/\/api.w.org\/{rel}","templated":true}]}}